{"id":853,"date":"2024-04-22T13:04:01","date_gmt":"2024-04-22T11:04:01","guid":{"rendered":"https:\/\/www.lamurallamojacar.es\/custom-block\/popup-reserva\/"},"modified":"2024-05-15T10:55:13","modified_gmt":"2024-05-15T08:55:13","slug":"popup-reserva","status":"publish","type":"custom_blocks","link":"https:\/\/www.lamurallamojacar.es\/en\/custom-block\/popup-reserva\/","title":{"rendered":"Popup Reserva"},"content":{"rendered":"\t\t<div data-elementor-type=\"wp-post\" data-elementor-id=\"853\" class=\"elementor elementor-853 elementor-108\" data-elementor-post-type=\"custom_blocks\">\n\t\t\t\t\t\t<section class=\"elementor-section elementor-top-section elementor-element elementor-element-079273a elementor-section-boxed elementor-section-height-default elementor-section-height-default elementor-invisible\" data-id=\"079273a\" data-element_type=\"section\" data-settings=\"{&quot;background_background&quot;:&quot;classic&quot;,&quot;animation&quot;:&quot;fadeInUp&quot;}\">\n\t\t\t\t\t\t\t<div class=\"elementor-background-overlay\"><\/div>\n\t\t\t\t\t\t\t<div class=\"elementor-container elementor-column-gap-no\">\n\t\t\t\t\t<div class=\"elementor-column elementor-col-100 elementor-top-column elementor-element elementor-element-557c52f dark-color\" data-id=\"557c52f\" data-element_type=\"column\" data-settings=\"{&quot;background_background&quot;:&quot;classic&quot;}\">\n\t\t\t<div class=\"elementor-widget-wrap elementor-element-populated\">\n\t\t\t\t\t\t<div class=\"elementor-element elementor-element-12a4d98 elementor-widget elementor-widget-pt_title\" data-id=\"12a4d98\" data-element_type=\"widget\" data-widget_type=\"pt_title.default\">\n\t\t\t\t<div class=\"elementor-widget-container\">\n\t\t\t\n        <div class=\"pt-title-wrap text-center\">\t            <div class=\"pt-subtitle-wrap\"><span class=\"pt-subtitle style-bordered\">Booking Form<\/span><\/div>\t            <h4 class=\"pt-title\">\n\t                Book your table\t            <\/h4>        <\/div>\t\t<\/div>\n\t\t\t\t<\/div>\n\t\t\t\t<div class=\"elementor-element elementor-element-1412d8a elementor-widget elementor-widget-pt_form_cf7\" data-id=\"1412d8a\" data-element_type=\"widget\" data-widget_type=\"pt_form_cf7.default\">\n\t\t\t\t<div class=\"elementor-widget-container\">\n\t\t\t            <div class=\"pt-form-cf7 placeholder-normal\">\n                <div class=\"pt-form-cf7-wrap\">\n<div class=\"wpcf7 no-js\" id=\"wpcf7-f849-o1\" lang=\"es-ES\" dir=\"ltr\" data-wpcf7-id=\"849\">\n<div class=\"screen-reader-response\"><p role=\"status\" aria-live=\"polite\" aria-atomic=\"true\"><\/p> <ul><\/ul><\/div>\n<form action=\"\/en\/wp-json\/wp\/v2\/custom_blocks\/853#wpcf7-f849-o1\" method=\"post\" class=\"wpcf7-form init\" aria-label=\"Formulario de contacto\" novalidate=\"novalidate\" data-status=\"init\">\n<fieldset class=\"hidden-fields-container\"><input type=\"hidden\" name=\"_wpcf7\" value=\"849\" \/><input type=\"hidden\" name=\"_wpcf7_version\" value=\"6.1.5\" \/><input type=\"hidden\" name=\"_wpcf7_locale\" value=\"es_ES\" \/><input type=\"hidden\" name=\"_wpcf7_unit_tag\" value=\"wpcf7-f849-o1\" \/><input type=\"hidden\" name=\"_wpcf7_container_post\" value=\"0\" \/><input type=\"hidden\" name=\"_wpcf7_posted_data_hash\" value=\"\" \/><input type=\"hidden\" name=\"_wpcf7_recaptcha_response\" value=\"\" \/>\n<\/fieldset>\n<div class=\"row\">\n\t<div class=\"col-1-3 select-wrap\">\n\t\t<p><span class=\"wpcf7-form-control-wrap\" data-name=\"partySize\"><select class=\"wpcf7-form-control wpcf7-select wpcf7-validates-as-required\" aria-required=\"true\" aria-invalid=\"false\" name=\"partySize\"><option value=\"1 Person\">1 Person<\/option><option value=\"2 People\">2 People<\/option><option value=\"3 People\">3 People<\/option><option value=\"4 People\">4 People<\/option><option value=\"5 People\">5 People<\/option><option value=\"6 People\">6 People<\/option><option value=\"7 People\">7 People<\/option><option value=\"8 People\">8 People<\/option><option value=\"9 People\">9 People<\/option><option value=\"10 People\">10 People<\/option><option value=\"11 People\">11 People<\/option><option value=\"12 People\">12 People<\/option><option value=\"13 People\">13 People<\/option><option value=\"14 People\">14 People<\/option><option value=\"15 People\">15 People<\/option><option value=\"16 People\">16 People<\/option><option value=\"17 People\">17 People<\/option><option value=\"18 People\">18 People<\/option><option value=\"19 People\">19 People<\/option><option value=\"20 People\">20 People<\/option><\/select><\/span>\n\t\t<\/p>\n\t<\/div>\n\t<div class=\"col-1-3\">\n\t\t<p><label>Date<\/label><br \/>\n<span class=\"wpcf7-form-control-wrap\" data-name=\"start-date\"><input class=\"wpcf7-form-control wpcf7-date wpcf7-validates-as-required wpcf7-validates-as-date\" min=\"2026-03-20\" max=\"2026-09-27\" aria-required=\"true\" aria-invalid=\"false\" value=\"2026-05-02\" type=\"date\" name=\"start-date\" \/><\/span>\n\t\t<\/p>\n\t<\/div>\n\t<div class=\"col-1-3 select-wrap\">\n\t\t<p><span class=\"wpcf7-form-control-wrap\" data-name=\"ResTime\"><select class=\"wpcf7-form-control wpcf7-select wpcf7-validates-as-required\" id=\"horario2\" aria-required=\"true\" aria-invalid=\"false\" name=\"ResTime\"><option value=\"13:00 PM\">13:00 PM<\/option><option value=\"13:30 PM\">13:30 PM<\/option><option value=\"14:00 PM\">14:00 PM<\/option><option value=\"14:30 PM\">14:30 PM<\/option><option value=\"15:00 PM\">15:00 PM<\/option><option value=\"15:30 PM\">15:30 PM<\/option><option value=\"20:00 PM\">20:00 PM<\/option><option value=\"20:30 PM\">20:30 PM<\/option><option value=\"21:00 PM\">21:00 PM<\/option><option value=\"21:30 PM\">21:30 PM<\/option><option value=\"22:00 PM\">22:00 PM<\/option><option value=\"22:30 PM\">22:30 PM<\/option><\/select><\/span>\n\t\t<\/p>\n\t<\/div>\n<\/div>\n<div class=\"row\">\n\t<div class=\"col-1-3\">\n\t\t<p><span class=\"wpcf7-form-control-wrap\" data-name=\"text-160\"><input size=\"40\" maxlength=\"400\" class=\"wpcf7-form-control wpcf7-text wpcf7-validates-as-required\" aria-required=\"true\" aria-invalid=\"false\" placeholder=\"Your Name\" value=\"\" type=\"text\" name=\"text-160\" \/><\/span>\n\t\t<\/p>\n\t<\/div>\n\t<div class=\"col-1-3\">\n\t\t<p><span class=\"wpcf7-form-control-wrap\" data-name=\"email-324\"><input size=\"40\" maxlength=\"400\" class=\"wpcf7-form-control wpcf7-email wpcf7-validates-as-required wpcf7-text wpcf7-validates-as-email\" aria-required=\"true\" aria-invalid=\"false\" placeholder=\"Your Email\" value=\"\" type=\"email\" name=\"email-324\" \/><\/span>\n\t\t<\/p>\n\t<\/div>\n\t<div class=\"col-1-3\">\n\t\t<p><span class=\"wpcf7-form-control-wrap\" data-name=\"tel-364\"><input size=\"40\" maxlength=\"400\" class=\"wpcf7-form-control wpcf7-tel wpcf7-validates-as-required wpcf7-text wpcf7-validates-as-tel\" aria-required=\"true\" aria-invalid=\"false\" placeholder=\"Your Phone\" value=\"\" type=\"tel\" name=\"tel-364\" \/><\/span>\n\t\t<\/p>\n\t<\/div>\n<\/div>\n<p><span class=\"wpcf7-form-control-wrap\" data-name=\"textarea-50\"><textarea cols=\"40\" rows=\"10\" maxlength=\"2000\" class=\"wpcf7-form-control wpcf7-textarea\" aria-invalid=\"false\" placeholder=\"Do you want to leave a note?\" name=\"textarea-50\"><\/textarea><\/span>\n<\/p>\n<p><label><span class=\"wpcf7-form-control-wrap\" data-name=\"acceptance-280\"><span class=\"wpcf7-form-control wpcf7-acceptance optional\"><span class=\"wpcf7-list-item\"><input type=\"checkbox\" name=\"acceptance-280\" value=\"1\" aria-invalid=\"false\" \/><\/span><\/span><\/span> I accept the <a style=\"color:#b5a283; text-decoration:underline;\" target=\"_blank\" href=\"https:\/\/www.lamurallamojacar.es\/en\/privacy-policy\">privacy policy<\/a> of Restaurante La Muralla Moj\u00e1car and the use it makes of my data.<\/label>\n<\/p>\n<p><b>Important Note: <\/b>A member of our restaurant will confirm the reservation via email. Until then, the reservation will not be considered confirmed.\n<\/p>\n<p class=\"text-center\"><input class=\"wpcf7-form-control wpcf7-submit has-spinner\" type=\"submit\" value=\"Submit\" \/>\n<\/p><div class=\"wpcf7-response-output\" aria-hidden=\"true\"><\/div>\n<\/form>\n<\/div>\n<\/div>\n            <\/div>\t\t<\/div>\n\t\t\t\t<\/div>\n\t\t\t\t\t<\/div>\n\t\t<\/div>\n\t\t\t\t\t<\/div>\n\t\t<\/section>\n\t\t\t\t<\/div>\n\t\t","protected":false},"template":"","custom_blocks_category":[],"class_list":["post-853","custom_blocks","type-custom_blocks","status-publish","hentry"],"yoast_head":"<!-- This site is optimized with the Yoast SEO plugin v27.1.1 - https:\/\/yoast.com\/product\/yoast-seo-wordpress\/ -->\n<title>Popup Reserva - La Muralla Moj\u00e1car<\/title>\n<meta name=\"robots\" content=\"index, follow, max-snippet:-1, max-image-preview:large, max-video-preview:-1\" \/>\n<link rel=\"canonical\" href=\"https:\/\/www.lamurallamojacar.es\/custom-block\/popup-reserva\/\" \/>\n<meta property=\"og:locale\" content=\"en_US\" \/>\n<meta property=\"og:type\" content=\"article\" \/>\n<meta property=\"og:title\" content=\"Popup Reserva - La Muralla Moj\u00e1car\" \/>\n<meta property=\"og:description\" content=\"Booking Form Book your table 1 Person2 People3 People4 People5 People6 People7 People8 People9 People10 People11 People12 People13 People14 People15 People16 People17 People18 People19 People20 People 13:00 PM13:30 PM14:00 PM14:30 PM15:00 PM15:30 PM20:00 PM20:30 PM21:00 PM21:30 PM22:00 PM22:30 PM I accept the privacy policy of Restaurante La Muralla Moj\u00e1car and the use it makes of ...\" \/>\n<meta property=\"og:url\" content=\"https:\/\/www.lamurallamojacar.es\/custom-block\/popup-reserva\/\" \/>\n<meta property=\"og:site_name\" content=\"La Muralla Moj\u00e1car\" \/>\n<meta property=\"article:modified_time\" content=\"2024-05-15T08:55:13+00:00\" \/>\n<meta name=\"twitter:card\" content=\"summary_large_image\" \/>\n<script type=\"application\/ld+json\" class=\"yoast-schema-graph\">{\"@context\":\"https:\/\/schema.org\",\"@graph\":[{\"@type\":\"WebPage\",\"@id\":\"https:\/\/www.lamurallamojacar.es\/custom-block\/popup-reserva\/\",\"url\":\"https:\/\/www.lamurallamojacar.es\/custom-block\/popup-reserva\/\",\"name\":\"Popup Reserva - La Muralla Moj\u00e1car\",\"isPartOf\":{\"@id\":\"https:\/\/www.lamurallamojacar.es\/#website\"},\"datePublished\":\"2024-04-22T11:04:01+00:00\",\"dateModified\":\"2024-05-15T08:55:13+00:00\",\"breadcrumb\":{\"@id\":\"https:\/\/www.lamurallamojacar.es\/custom-block\/popup-reserva\/#breadcrumb\"},\"inLanguage\":\"en-US\",\"potentialAction\":[{\"@type\":\"ReadAction\",\"target\":[\"https:\/\/www.lamurallamojacar.es\/custom-block\/popup-reserva\/\"]}]},{\"@type\":\"BreadcrumbList\",\"@id\":\"https:\/\/www.lamurallamojacar.es\/custom-block\/popup-reserva\/#breadcrumb\",\"itemListElement\":[{\"@type\":\"ListItem\",\"position\":1,\"name\":\"Portada\",\"item\":\"https:\/\/www.lamurallamojacar.es\/en\/\"},{\"@type\":\"ListItem\",\"position\":2,\"name\":\"Custom Blocks\",\"item\":\"https:\/\/www.lamurallamojacar.es\/custom-block\/\"},{\"@type\":\"ListItem\",\"position\":3,\"name\":\"Popup Reserva\"}]},{\"@type\":\"WebSite\",\"@id\":\"https:\/\/www.lamurallamojacar.es\/#website\",\"url\":\"https:\/\/www.lamurallamojacar.es\/\",\"name\":\"La Muralla Moj\u00e1car\",\"description\":\"Sabor Mediterr\u00e1neo en Moj\u00e1car Pueblo\",\"publisher\":{\"@id\":\"https:\/\/www.lamurallamojacar.es\/#organization\"},\"potentialAction\":[{\"@type\":\"SearchAction\",\"target\":{\"@type\":\"EntryPoint\",\"urlTemplate\":\"https:\/\/www.lamurallamojacar.es\/?s={search_term_string}\"},\"query-input\":{\"@type\":\"PropertyValueSpecification\",\"valueRequired\":true,\"valueName\":\"search_term_string\"}}],\"inLanguage\":\"en-US\"},{\"@type\":\"Organization\",\"@id\":\"https:\/\/www.lamurallamojacar.es\/#organization\",\"name\":\"La Muralla Moj\u00e1car\",\"url\":\"https:\/\/www.lamurallamojacar.es\/\",\"logo\":{\"@type\":\"ImageObject\",\"inLanguage\":\"en-US\",\"@id\":\"https:\/\/www.lamurallamojacar.es\/#\/schema\/logo\/image\/\",\"url\":\"https:\/\/www.lamurallamojacar.es\/wp-content\/uploads\/2024\/04\/logo.png\",\"contentUrl\":\"https:\/\/www.lamurallamojacar.es\/wp-content\/uploads\/2024\/04\/logo.png\",\"width\":200,\"height\":106,\"caption\":\"La Muralla Moj\u00e1car\"},\"image\":{\"@id\":\"https:\/\/www.lamurallamojacar.es\/#\/schema\/logo\/image\/\"}}]}<\/script>\n<!-- \/ Yoast SEO plugin. -->","yoast_head_json":{"title":"Popup Reserva - La Muralla Moj\u00e1car","robots":{"index":"index","follow":"follow","max-snippet":"max-snippet:-1","max-image-preview":"max-image-preview:large","max-video-preview":"max-video-preview:-1"},"canonical":"https:\/\/www.lamurallamojacar.es\/custom-block\/popup-reserva\/","og_locale":"en_US","og_type":"article","og_title":"Popup Reserva - La Muralla Moj\u00e1car","og_description":"Booking Form Book your table 1 Person2 People3 People4 People5 People6 People7 People8 People9 People10 People11 People12 People13 People14 People15 People16 People17 People18 People19 People20 People 13:00 PM13:30 PM14:00 PM14:30 PM15:00 PM15:30 PM20:00 PM20:30 PM21:00 PM21:30 PM22:00 PM22:30 PM I accept the privacy policy of Restaurante La Muralla Moj\u00e1car and the use it makes of ...","og_url":"https:\/\/www.lamurallamojacar.es\/custom-block\/popup-reserva\/","og_site_name":"La Muralla Moj\u00e1car","article_modified_time":"2024-05-15T08:55:13+00:00","twitter_card":"summary_large_image","schema":{"@context":"https:\/\/schema.org","@graph":[{"@type":"WebPage","@id":"https:\/\/www.lamurallamojacar.es\/custom-block\/popup-reserva\/","url":"https:\/\/www.lamurallamojacar.es\/custom-block\/popup-reserva\/","name":"Popup Reserva - La Muralla Moj\u00e1car","isPartOf":{"@id":"https:\/\/www.lamurallamojacar.es\/#website"},"datePublished":"2024-04-22T11:04:01+00:00","dateModified":"2024-05-15T08:55:13+00:00","breadcrumb":{"@id":"https:\/\/www.lamurallamojacar.es\/custom-block\/popup-reserva\/#breadcrumb"},"inLanguage":"en-US","potentialAction":[{"@type":"ReadAction","target":["https:\/\/www.lamurallamojacar.es\/custom-block\/popup-reserva\/"]}]},{"@type":"BreadcrumbList","@id":"https:\/\/www.lamurallamojacar.es\/custom-block\/popup-reserva\/#breadcrumb","itemListElement":[{"@type":"ListItem","position":1,"name":"Portada","item":"https:\/\/www.lamurallamojacar.es\/en\/"},{"@type":"ListItem","position":2,"name":"Custom Blocks","item":"https:\/\/www.lamurallamojacar.es\/custom-block\/"},{"@type":"ListItem","position":3,"name":"Popup Reserva"}]},{"@type":"WebSite","@id":"https:\/\/www.lamurallamojacar.es\/#website","url":"https:\/\/www.lamurallamojacar.es\/","name":"La Muralla Moj\u00e1car","description":"Sabor Mediterr\u00e1neo en Moj\u00e1car Pueblo","publisher":{"@id":"https:\/\/www.lamurallamojacar.es\/#organization"},"potentialAction":[{"@type":"SearchAction","target":{"@type":"EntryPoint","urlTemplate":"https:\/\/www.lamurallamojacar.es\/?s={search_term_string}"},"query-input":{"@type":"PropertyValueSpecification","valueRequired":true,"valueName":"search_term_string"}}],"inLanguage":"en-US"},{"@type":"Organization","@id":"https:\/\/www.lamurallamojacar.es\/#organization","name":"La Muralla Moj\u00e1car","url":"https:\/\/www.lamurallamojacar.es\/","logo":{"@type":"ImageObject","inLanguage":"en-US","@id":"https:\/\/www.lamurallamojacar.es\/#\/schema\/logo\/image\/","url":"https:\/\/www.lamurallamojacar.es\/wp-content\/uploads\/2024\/04\/logo.png","contentUrl":"https:\/\/www.lamurallamojacar.es\/wp-content\/uploads\/2024\/04\/logo.png","width":200,"height":106,"caption":"La Muralla Moj\u00e1car"},"image":{"@id":"https:\/\/www.lamurallamojacar.es\/#\/schema\/logo\/image\/"}}]}},"_links":{"self":[{"href":"https:\/\/www.lamurallamojacar.es\/en\/wp-json\/wp\/v2\/custom_blocks\/853","targetHints":{"allow":["GET"]}}],"collection":[{"href":"https:\/\/www.lamurallamojacar.es\/en\/wp-json\/wp\/v2\/custom_blocks"}],"about":[{"href":"https:\/\/www.lamurallamojacar.es\/en\/wp-json\/wp\/v2\/types\/custom_blocks"}],"version-history":[{"count":3,"href":"https:\/\/www.lamurallamojacar.es\/en\/wp-json\/wp\/v2\/custom_blocks\/853\/revisions"}],"predecessor-version":[{"id":856,"href":"https:\/\/www.lamurallamojacar.es\/en\/wp-json\/wp\/v2\/custom_blocks\/853\/revisions\/856"}],"wp:attachment":[{"href":"https:\/\/www.lamurallamojacar.es\/en\/wp-json\/wp\/v2\/media?parent=853"}],"wp:term":[{"taxonomy":"custom_blocks_category","embeddable":true,"href":"https:\/\/www.lamurallamojacar.es\/en\/wp-json\/wp\/v2\/custom_blocks_category?post=853"}],"curies":[{"name":"wp","href":"https:\/\/api.w.org\/{rel}","templated":true}]}}